{"id":10150,"date":"2024-11-09T16:41:48","date_gmt":"2024-11-09T19:41:48","guid":{"rendered":"https:\/\/www.creativeprojects.com.br\/shop\/?post_type=product&#038;p=10150"},"modified":"2024-11-13T11:22:09","modified_gmt":"2024-11-13T14:22:09","slug":"apple-iphone-16-pro-max-256gb-titanio-deserto-69-48mp-ios-5g","status":"publish","type":"product","link":"https:\/\/www.creativeprojects.com.br\/shop\/produto\/apple-iphone-16-pro-max-256gb-titanio-deserto-69-48mp-ios-5g\/","title":{"rendered":"Apple iPhone 16 Pro Max 256GB Tit\u00e2nio-deserto 6,9&#8243; 48MP iOS 5G"},"content":{"rendered":"<table class=\"sc-iGgWBj iCEidV sc-bHnlcS eBGbJG\">\n<tbody>\n<tr>\n<td class=\"sc-cKXybt kHMerG\">Marca<\/td>\n<td class=\"sc-lgjHQU lnneGm\">\n<table class=\"sc-cgjDci yAnTW\">\n<tbody>\n<tr>\n<td><a class=\"sc-JrDLc gkEUmz sc-djTQaJ eOUcac sc-djTQaJ eOUcac\" href=\"https:\/\/www.magazinevoce.com.br\/magazineshopoffers\/marcas\/apple\/\" data-testid=\"link\">Apple<\/a><\/td>\n<\/tr>\n<\/tbody>\n<\/table>\n<\/td>\n<\/tr>\n<tr>\n<td class=\"sc-cKXybt kHMerG\">Refer\u00eancia<\/td>\n<td class=\"sc-lgjHQU lnneGm\">\n<table class=\"sc-cgjDci yAnTW\">\n<tbody>\n<tr>\n<td>MYWX3BE\/A<\/td>\n<\/tr>\n<\/tbody>\n<\/table>\n<\/td>\n<\/tr>\n<tr>\n<td class=\"sc-cKXybt kHMerG\">Modelo<\/td>\n<td class=\"sc-lgjHQU lnneGm\">\n<table class=\"sc-cgjDci yAnTW\">\n<tbody>\n<tr>\n<td>Apple iPhone 16 Pro Max 256GB Tit\u00e2nio-deserto<\/td>\n<\/tr>\n<\/tbody>\n<\/table>\n<\/td>\n<\/tr>\n<tr>\n<td class=\"sc-cKXybt kHMerG\">Cor<\/td>\n<td class=\"sc-lgjHQU lnneGm\">\n<table class=\"sc-cgjDci yAnTW\">\n<tbody>\n<tr>\n<td>Tit\u00e2nio-deserto<\/td>\n<\/tr>\n<\/tbody>\n<\/table>\n<\/td>\n<\/tr>\n<tr>\n<td class=\"sc-cKXybt kHMerG\">Armazenamento Interno<\/td>\n<td class=\"sc-lgjHQU lnneGm\">\n<table class=\"sc-cgjDci yAnTW\">\n<tbody>\n<tr>\n<td>256GB<\/td>\n<\/tr>\n<\/tbody>\n<\/table>\n<\/td>\n<\/tr>\n<tr>\n<td class=\"sc-cKXybt kHMerG\">Informa\u00e7\u00f5es do Armazenamento Interno<\/td>\n<td class=\"sc-lgjHQU lnneGm\">\n<table class=\"sc-cgjDci yAnTW\">\n<tbody>\n<tr>\n<td>A mem\u00f3ria total pode variar conforme aplicativos pr\u00e9-instalados e sistema operacional<\/td>\n<\/tr>\n<\/tbody>\n<\/table>\n<\/td>\n<\/tr>\n<tr>\n<td class=\"sc-cKXybt kHMerG\">Tipo de Tela<\/td>\n<td class=\"sc-lgjHQU lnneGm\">\n<table class=\"sc-cgjDci yAnTW\">\n<tbody>\n<tr>\n<td>Super Retina XDR<\/td>\n<\/tr>\n<\/tbody>\n<\/table>\n<\/td>\n<\/tr>\n<tr>\n<td class=\"sc-cKXybt kHMerG\">Tamanho da Tela<\/td>\n<td class=\"sc-lgjHQU lnneGm\">\n<table class=\"sc-cgjDci yAnTW\">\n<tbody>\n<tr>\n<td>6,9&#8243;<\/td>\n<\/tr>\n<\/tbody>\n<\/table>\n<\/td>\n<\/tr>\n<tr>\n<td class=\"sc-cKXybt kHMerG\">Resolu\u00e7\u00e3o da Tela<\/td>\n<td class=\"sc-lgjHQU lnneGm\">\n<table class=\"sc-cgjDci yAnTW\">\n<tbody>\n<tr>\n<td>2868 x 1320 pixels a 460 ppp<\/td>\n<\/tr>\n<\/tbody>\n<\/table>\n<\/td>\n<\/tr>\n<tr>\n<td class=\"sc-cKXybt kHMerG\">Tecnologia<\/td>\n<td class=\"sc-lgjHQU lnneGm\">\n<table class=\"sc-cgjDci yAnTW\">\n<tbody>\n<tr>\n<td>5G<\/td>\n<\/tr>\n<\/tbody>\n<\/table>\n<\/td>\n<\/tr>\n<tr>\n<td class=\"sc-cKXybt kHMerG\">Aten\u00e7\u00e3o<\/td>\n<td class=\"sc-lgjHQU lnneGm\">\n<table class=\"sc-cgjDci yAnTW\">\n<tbody>\n<tr>\n<td>Produto n\u00e3o acompanha fone de ouvido<\/td>\n<\/tr>\n<\/tbody>\n<\/table>\n<\/td>\n<\/tr>\n<tr>\n<td class=\"sc-cKXybt kHMerG\">Conectividade<\/td>\n<td class=\"sc-lgjHQU lnneGm\">\n<table class=\"sc-cgjDci yAnTW\">\n<tbody>\n<tr>\n<td>LTE, Wi-Fi, Bluetooth, NFC com modo leitura, Cart\u00f5es expressos<\/td>\n<\/tr>\n<\/tbody>\n<\/table>\n<\/td>\n<\/tr>\n<tr>\n<td class=\"sc-cKXybt kHMerG\">Processador<\/td>\n<td class=\"sc-lgjHQU lnneGm\">\n<table class=\"sc-cgjDci yAnTW\">\n<tbody>\n<tr>\n<td>Chip A18 Pro<\/td>\n<\/tr>\n<\/tbody>\n<\/table>\n<\/td>\n<\/tr>\n<tr>\n<td class=\"sc-cKXybt kHMerG\">Sistema Operacional<\/td>\n<td class=\"sc-lgjHQU lnneGm\">\n<table class=\"sc-cgjDci yAnTW\">\n<tbody>\n<tr>\n<td>iOS 18<\/td>\n<\/tr>\n<\/tbody>\n<\/table>\n<\/td>\n<\/tr>\n<tr>\n<td class=\"sc-cKXybt kHMerG\">Quantidade de Chips<\/td>\n<td class=\"sc-lgjHQU lnneGm\">\n<table class=\"sc-cgjDci yAnTW\">\n<tbody>\n<tr>\n<td>Dual SIM (eSIM e nano SIM)<\/td>\n<\/tr>\n<\/tbody>\n<\/table>\n<\/td>\n<\/tr>\n<tr>\n<td class=\"sc-cKXybt kHMerG\">Tipo de Chip<\/td>\n<td class=\"sc-lgjHQU lnneGm\">\n<table class=\"sc-cgjDci yAnTW\">\n<tbody>\n<tr>\n<td>O eSIM requer um plano de dados que pode ter restri\u00e7\u00f5es a mudan\u00e7as de operadora e roaming, mesmo ap\u00f3s o t\u00e9rmino do contrato. Consulte sua operadora para obter mais detalhes<\/td>\n<\/tr>\n<\/tbody>\n<\/table>\n<\/td>\n<\/tr>\n<tr>\n<td class=\"sc-cKXybt kHMerG\">Caracter\u00edsticas<\/td>\n<td class=\"sc-lgjHQU lnneGm\">\n<table class=\"sc-cgjDci yAnTW\">\n<tbody>\n<tr>\n<td>&#8220;\u2022 COM A BELEZA DO TIT\u00c2NIO \u2014 O iPhone 16 Pro Max tem uma estrutura leve e robusta em tit\u00e2nio, uma tela Super Retina XDR maior, de 6,9 polegadas*, e a parte frontal \u00e9 em Ceramic Shield de \u00faltima gera\u00e7\u00e3o, duas vezes mais resistente que qualquer vidro de smartphone. \u2022 CONTROLE DA C\u00c2MERA. CONTROLE TOTAL \u2014 O Controle da C\u00e2mera d\u00e1 acesso mais f\u00e1cil e r\u00e1pido \u00e0s ferramentas, como zoom ou profundidade de campo, para suas fotos e v\u00eddeos arrasarem tamb\u00e9m no quesito agilidade. \u2022 FOTOS SURPREENDENTES \u2014 C\u00e2mera ultra-angular de 48 MP mais avan\u00e7ada. Imagens em macro ou grande-angular com detalhes impressionantes. E c\u00e2mera teleobjetiva de 5x para closes mais n\u00edtidos a uma dist\u00e2ncia maior. \u2022 V\u00cdDEO PRO \u2014 A c\u00e2mera Fusion de 48 MP leva seus v\u00eddeos a um outro n\u00edvel com a grava\u00e7\u00e3o em 4K Dolby Vision a 120 qps. E, com os microfones de n\u00edvel profissional, voc\u00ea carrega um est\u00fadio no seu bolso. \u2022 ESTILOS FOTOGR\u00c1FICOS \u2014 A nova gera\u00e7\u00e3o de Estilos Fotogr\u00e1ficos d\u00e1 mais flexibilidade do que nunca para criar e deixar cada foto ainda mais autoral. E o melhor processamento de imagem consegue reverter para a foto original sempre que voc\u00ea quiser. \u2022 A POT\u00caNCIA DO A18 PRO \u2014 O chip A18 Pro est\u00e1 por tr\u00e1s de recursos avan\u00e7ados de foto e v\u00eddeo, como o Controle da C\u00e2mera, e oferece alto desempenho gr\u00e1fico em jogos. \u2022 UM SALTO IMENSO NA BATERIA \u2014 O iPhone 16 Pro Max traz efici\u00eancia energ\u00e9tica incr\u00edvel com at\u00e9 33 horas de reprodu\u00e7\u00e3o de v\u00eddeo**. Recarregue via USB-C ou com um carregador MagSafe, para recargas sem fio ainda mais r\u00e1pidas***. \u2022 PERSONALIZE SEU IPHONE \u2014 Com o iOS 18, voc\u00ea escolhe a cor dos \u00edcones da Tela de In\u00edcio e encontra seus cliques favoritos no novo app Fotos com mais rapidez. Tamb\u00e9m d\u00e1 para aplicar efeitos animados e divertidos a qualquer palavra, frase ou emoji no iMessage****. \u2022 RECURSO ESSENCIAL DE SEGURAN\u00c7A \u2014 Com a Detec\u00e7\u00e3o de Acidente, o iPhone \u00e9 capaz de identificar um acidente grave de carro e ligar para a emerg\u00eancia se voc\u00ea n\u00e3o puder*****.&#8221;<\/td>\n<\/tr>\n<\/tbody>\n<\/table>\n<\/td>\n<\/tr>\n<tr>\n<td class=\"sc-cKXybt kHMerG\">Resolu\u00e7\u00e3o da C\u00e2mera Traseira<\/td>\n<td class=\"sc-lgjHQU lnneGm\">\n<table class=\"sc-cgjDci yAnTW\">\n<tbody>\n<tr>\n<td>Sistema de c\u00e2mera Pro (Fusion de 48 MP, ultra-angular de 48 MP e teleobjetiva de 12 MP)<\/td>\n<\/tr>\n<\/tbody>\n<\/table>\n<\/td>\n<\/tr>\n<tr>\n<td class=\"sc-cKXybt kHMerG\">Resolu\u00e7\u00e3o da C\u00e2mera Frontal<\/td>\n<td class=\"sc-lgjHQU lnneGm\">\n<table class=\"sc-cgjDci yAnTW\">\n<tbody>\n<tr>\n<td>12MP<\/td>\n<\/tr>\n<\/tbody>\n<\/table>\n<\/td>\n<\/tr>\n<tr>\n<td class=\"sc-cKXybt kHMerG\">Sensores<\/td>\n<td class=\"sc-lgjHQU lnneGm\">\n<table class=\"sc-cgjDci yAnTW\">\n<tbody>\n<tr>\n<td>Face\u00a0ID, Scanner LiDAR, Bar\u00f4metro, girosc\u00f3pio de alto alcance din\u00e2mico, aceler\u00f4metro de for\u00e7a g de alta intensidade, sensor de proximidade e dois sensores de luz ambiente<\/td>\n<\/tr>\n<\/tbody>\n<\/table>\n<\/td>\n<\/tr>\n<tr>\n<td class=\"sc-cKXybt kHMerG\">Material<\/td>\n<td class=\"sc-lgjHQU lnneGm\">\n<table class=\"sc-cgjDci yAnTW\">\n<tbody>\n<tr>\n<td>Tit\u00e2nio com a parte de tr\u00e1s em vidro matte texturizado<\/td>\n<\/tr>\n<\/tbody>\n<\/table>\n<\/td>\n<\/tr>\n<tr>\n<td class=\"sc-cKXybt kHMerG\">Certificado Homologado pela Anatel N\u00famero<\/td>\n<td class=\"sc-lgjHQU lnneGm\">\n<table class=\"sc-cgjDci yAnTW\">\n<tbody>\n<tr>\n<td>06840-24-01993<\/td>\n<\/tr>\n<\/tbody>\n<\/table>\n<\/td>\n<\/tr>\n<tr>\n<td class=\"sc-cKXybt kHMerG\">Certifica\u00e7\u00f5es<\/td>\n<td class=\"sc-lgjHQU lnneGm\">\n<table class=\"sc-cgjDci yAnTW\">\n<tbody>\n<tr>\n<td>IP68 (profundidade m\u00e1xima de seis metros por at\u00e9 30 minutos) segundo a norma IEC 60529<\/td>\n<\/tr>\n<\/tbody>\n<\/table>\n<\/td>\n<\/tr>\n<tr>\n<td class=\"sc-cKXybt kHMerG\">Peso do Produto<\/td>\n<td class=\"sc-lgjHQU lnneGm\">\n<table class=\"sc-cgjDci yAnTW\">\n<tbody>\n<tr>\n<td>227g<\/td>\n<\/tr>\n<\/tbody>\n<\/table>\n<\/td>\n<\/tr>\n<tr>\n<td class=\"sc-cKXybt kHMerG\">Peso do Produto com Embalagem<\/td>\n<td class=\"sc-lgjHQU lnneGm\">\n<table class=\"sc-cgjDci yAnTW\">\n<tbody>\n<tr>\n<td>414g<\/td>\n<\/tr>\n<\/tbody>\n<\/table>\n<\/td>\n<\/tr>\n<tr>\n<td class=\"sc-cKXybt kHMerG\">Dimens\u00f5es do Produto<\/td>\n<td class=\"sc-lgjHQU lnneGm\">\n<table class=\"sc-cgjDci yAnTW\">\n<tbody>\n<tr>\n<td>Largura: 7,16cm Altura: 0,82cm Profundidade: 16,3cm<\/td>\n<\/tr>\n<\/tbody>\n<\/table>\n<\/td>\n<\/tr>\n<tr>\n<td class=\"sc-cKXybt kHMerG\">Prazo de Garantia<\/td>\n<td class=\"sc-lgjHQU lnneGm\">\n<table class=\"sc-cgjDci yAnTW\">\n<tbody>\n<tr>\n<td>01 ano (3 meses de garantia legal e mais 9 meses de garantia especial concedida pelo fabricante).<\/td>\n<\/tr>\n<\/tbody>\n<\/table>\n<\/td>\n<\/tr>\n<tr>\n<td class=\"sc-cKXybt kHMerG\">Conte\u00fado da Embalagem<\/td>\n<td class=\"sc-lgjHQU lnneGm\">\n<table class=\"sc-cgjDci yAnTW\">\n<tbody>\n<tr>\n<td>iPhone com iOS 18, Cabo para recarga com conector USB-C (1m), Documenta\u00e7\u00e3o<\/td>\n<\/tr>\n<\/tbody>\n<\/table>\n<\/td>\n<\/tr>\n<\/tbody>\n<\/table>\n","protected":false},"excerpt":{"rendered":"<p>iPhone 16 Pro Max. Com estrutura em tit\u00e2nio, Controle da C\u00e2mera, 4K Dolby Vision a 120 qps e o chip A18 Pro. Avisos legais *As telas t\u00eam bordas arredondadas. Quando medida como um ret\u00e2ngulo, a tela tem 6,12 polegadas (iPhone 16), 6,69 polegadas (iPhone 16 Plus), 6,27 polegadas (iPhone 16 Pro) ou 6,86 polegadas (iPhone 16 Pro Max) na diagonal. A \u00e1rea real de visualiza\u00e7\u00e3o \u00e9 menor. **A dura\u00e7\u00e3o da bateria varia de acordo com o uso e a configura\u00e7\u00e3o. Consulte apple.com\/br\/batteries para obter mais informa\u00e7\u00f5es. ***Acess\u00f3rios vendidos separadamente. ****Alguns recursos podem n\u00e3o estar dispon\u00edveis em todos os pa\u00edses ou regi\u00f5es. *****O iPhone 16 e o iPhone 16 Pro s\u00e3o capazes de identificar um acidente grave de carro e ligar para os servi\u00e7os de emerg\u00eancia. Requer uma conex\u00e3o de rede celular ou chamadas Wi-Fi.&#8221;<\/p>\n","protected":false},"featured_media":10151,"comment_status":"open","ping_status":"closed","template":"","meta":{"_uag_custom_page_level_css":""},"product_brand":[],"product_cat":[21],"product_tag":[226,225],"class_list":{"0":"post-10150","1":"product","2":"type-product","3":"status-publish","6":"product_cat-celular-e-smartphone","7":"product_tag-apple","8":"product_tag-iphone-16","10":"first","11":"instock","12":"sale","13":"taxable","14":"shipping-taxable","15":"purchasable","16":"product-type-simple"},"uagb_featured_image_src":{"full":["https:\/\/i0.wp.com\/www.creativeprojects.com.br\/shop\/wp-content\/uploads\/2024\/11\/16.jpg?fit=560%2C560&ssl=1",560,560,false],"thumbnail":["https:\/\/i0.wp.com\/www.creativeprojects.com.br\/shop\/wp-content\/uploads\/2024\/11\/16.jpg?resize=150%2C150&ssl=1",150,150,true],"medium":["https:\/\/i0.wp.com\/www.creativeprojects.com.br\/shop\/wp-content\/uploads\/2024\/11\/16.jpg?fit=300%2C300&ssl=1",300,300,true],"medium_large":["https:\/\/i0.wp.com\/www.creativeprojects.com.br\/shop\/wp-content\/uploads\/2024\/11\/16.jpg?fit=560%2C560&ssl=1",560,560,true],"large":["https:\/\/i0.wp.com\/www.creativeprojects.com.br\/shop\/wp-content\/uploads\/2024\/11\/16.jpg?fit=560%2C560&ssl=1",560,560,true],"1536x1536":["https:\/\/i0.wp.com\/www.creativeprojects.com.br\/shop\/wp-content\/uploads\/2024\/11\/16.jpg?fit=560%2C560&ssl=1",560,560,true],"2048x2048":["https:\/\/i0.wp.com\/www.creativeprojects.com.br\/shop\/wp-content\/uploads\/2024\/11\/16.jpg?fit=560%2C560&ssl=1",560,560,true],"orchid-store-thumbnail-extra-large":["https:\/\/i0.wp.com\/www.creativeprojects.com.br\/shop\/wp-content\/uploads\/2024\/11\/16.jpg?resize=560%2C420&ssl=1",560,420,true],"orchid-store-thumbnail-large":["https:\/\/i0.wp.com\/www.creativeprojects.com.br\/shop\/wp-content\/uploads\/2024\/11\/16.jpg?resize=560%2C450&ssl=1",560,450,true],"woocommerce_thumbnail":["https:\/\/i0.wp.com\/www.creativeprojects.com.br\/shop\/wp-content\/uploads\/2024\/11\/16.jpg?resize=300%2C300&ssl=1",300,300,true],"woocommerce_single":["https:\/\/i0.wp.com\/www.creativeprojects.com.br\/shop\/wp-content\/uploads\/2024\/11\/16.jpg?fit=560%2C560&ssl=1",560,560,true],"woocommerce_gallery_thumbnail":["https:\/\/i0.wp.com\/www.creativeprojects.com.br\/shop\/wp-content\/uploads\/2024\/11\/16.jpg?resize=100%2C100&ssl=1",100,100,true],"quick_view_image_size":["https:\/\/i0.wp.com\/www.creativeprojects.com.br\/shop\/wp-content\/uploads\/2024\/11\/16.jpg?resize=420%2C560&ssl=1",420,560,true]},"uagb_author_info":{"display_name":"creativeprojectsam","author_link":"https:\/\/www.creativeprojects.com.br\/shop\/author\/"},"uagb_comment_info":0,"uagb_excerpt":"iPhone 16 Pro Max. Com estrutura em tit\u00e2nio, Controle da C\u00e2mera, 4K Dolby Vision a 120 qps e o chip A18 Pro. Avisos legais *As telas t\u00eam bordas arredondadas. Quando medida como um ret\u00e2ngulo, a tela tem 6,12 polegadas (iPhone 16), 6,69 polegadas (iPhone 16 Plus), 6,27 polegadas (iPhone 16 Pro) ou 6,86 polegadas (iPhone&hellip;","jetpack_sharing_enabled":true,"_links":{"self":[{"href":"https:\/\/www.creativeprojects.com.br\/shop\/wp-json\/wp\/v2\/product\/10150","targetHints":{"allow":["GET"]}}],"collection":[{"href":"https:\/\/www.creativeprojects.com.br\/shop\/wp-json\/wp\/v2\/product"}],"about":[{"href":"https:\/\/www.creativeprojects.com.br\/shop\/wp-json\/wp\/v2\/types\/product"}],"replies":[{"embeddable":true,"href":"https:\/\/www.creativeprojects.com.br\/shop\/wp-json\/wp\/v2\/comments?post=10150"}],"version-history":[{"count":2,"href":"https:\/\/www.creativeprojects.com.br\/shop\/wp-json\/wp\/v2\/product\/10150\/revisions"}],"predecessor-version":[{"id":10178,"href":"https:\/\/www.creativeprojects.com.br\/shop\/wp-json\/wp\/v2\/product\/10150\/revisions\/10178"}],"wp:featuredmedia":[{"embeddable":true,"href":"https:\/\/www.creativeprojects.com.br\/shop\/wp-json\/wp\/v2\/media\/10151"}],"wp:attachment":[{"href":"https:\/\/www.creativeprojects.com.br\/shop\/wp-json\/wp\/v2\/media?parent=10150"}],"wp:term":[{"taxonomy":"product_brand","embeddable":true,"href":"https:\/\/www.creativeprojects.com.br\/shop\/wp-json\/wp\/v2\/product_brand?post=10150"},{"taxonomy":"product_cat","embeddable":true,"href":"https:\/\/www.creativeprojects.com.br\/shop\/wp-json\/wp\/v2\/product_cat?post=10150"},{"taxonomy":"product_tag","embeddable":true,"href":"https:\/\/www.creativeprojects.com.br\/shop\/wp-json\/wp\/v2\/product_tag?post=10150"}],"curies":[{"name":"wp","href":"https:\/\/api.w.org\/{rel}","templated":true}]}}